{"id":22,"date":"2020-10-29T13:13:26","date_gmt":"2020-10-29T12:13:26","guid":{"rendered":"https:\/\/www.locabike.be\/?page_id=22"},"modified":"2025-07-01T16:07:08","modified_gmt":"2025-07-01T14:07:08","slug":"home","status":"publish","type":"page","link":"https:\/\/www.locabike.be\/","title":{"rendered":"Home"},"content":{"rendered":"<div class=\"alignnormal\"><div id=\"metaslider-id-78\" style=\"width: 100%;\" class=\"ml-slider-3-24-0 metaslider metaslider-flex metaslider-78 ml-slider ms-theme-blend nav-hidden\">\n    <div id=\"metaslider_container_78\">\n        <div id=\"metaslider_78\">\n            <ul aria-live=\"polite\" class=\"slides\">\n                <li style=\"display: block; width: 100%;\" class=\"slide-89 ms-image\"><img loading=\"lazy\" decoding=\"async\" src=\"https:\/\/www.locabike.be\/wp-content\/uploads\/2020\/10\/cube_2021_01_11626_low-1800x600.jpg\" height=\"600\" width=\"1800\" alt=\"\" class=\"slider-78 slide-89\" title=\"cube_2021_01_11626_low\" \/><\/li>\n                <li style=\"display: none; width: 100%;\" class=\"slide-86 ms-image\"><img loading=\"lazy\" decoding=\"async\" src=\"https:\/\/www.locabike.be\/wp-content\/uploads\/2020\/11\/image00004-1-1417x472.jpg\" height=\"600\" width=\"1800\" alt=\"\" class=\"slider-78 slide-86\" title=\"image00004\" \/><\/li>\n                <li style=\"display: none; width: 100%;\" class=\"slide-1264 ms-image\"><img loading=\"lazy\" decoding=\"async\" src=\"https:\/\/www.locabike.be\/wp-content\/uploads\/2023\/09\/IMG_1149_web-scaled-1800x600.jpg\" height=\"600\" width=\"1800\" alt=\"\" class=\"slider-78 slide-1264\" title=\"IMG_1149_web\" \/><\/li>\n                <li style=\"display: none; width: 100%;\" class=\"slide-85 ms-image\"><img loading=\"lazy\" decoding=\"async\" src=\"https:\/\/www.locabike.be\/wp-content\/uploads\/2020\/12\/image00008-scaled-1800x600.jpg\" height=\"600\" width=\"1800\" alt=\"\" class=\"slider-78 slide-85\" title=\"image00008\" \/><\/li>\n                <li style=\"display: none; width: 100%;\" class=\"slide-88 ms-image\"><img loading=\"lazy\" decoding=\"async\" src=\"https:\/\/www.locabike.be\/wp-content\/uploads\/2020\/11\/locabike_001-1417x472.jpg\" height=\"600\" width=\"1800\" alt=\"\" class=\"slider-78 slide-88\" title=\"locabike_001\" \/><\/li>\n                <li style=\"display: none; width: 100%;\" class=\"slide-90 ms-image\"><img loading=\"lazy\" decoding=\"async\" src=\"https:\/\/www.locabike.be\/wp-content\/uploads\/2020\/10\/vtt-electrique-cube-eurobike-2014-5-1800x600.png\" height=\"600\" width=\"1800\" alt=\"\" class=\"slider-78 slide-90\" title=\"vtt-electrique-cube-eurobike-2014-5\" \/><\/li>\n            <\/ul>\n        <\/div>\n        \n    <\/div>\n<\/div><\/div><p class=\"has-background has-small-font-size\" style=\"background-color:#0e3b4d\"><\/p><p><\/p><p><\/p><div class=\"wp-block-columns is-layout-flex wp-container-core-columns-is-layout-9d6595d7 wp-block-columns-is-layout-flex\"><div class=\"wp-block-column is-vertically-aligned-top is-layout-flow wp-block-column-is-layout-flow\" style=\"flex-basis:10%\"><\/div>\n\n<div class=\"wp-block-column is-vertically-aligned-top is-layout-flow wp-block-column-is-layout-flow\" style=\"flex-basis:80%\"><p><\/p>\n\n<h3 class=\"wp-block-heading has-text-align-center has-text-color\" style=\"color:#169dd6\">LOCA-BIKE ARDENNES<\/h3>\n\n<p class=\"has-text-align-center\"><\/p><\/div>\n\n<div class=\"wp-block-column is-layout-flow wp-block-column-is-layout-flow\" style=\"flex-basis:10%\"><\/div><\/div><div class=\"wp-block-columns is-layout-flex wp-container-core-columns-is-layout-9d6595d7 wp-block-columns-is-layout-flex\"><div class=\"wp-block-column is-layout-flow wp-block-column-is-layout-flow\" style=\"flex-basis:10%\"><\/div>\n\n<div class=\"wp-block-column is-layout-flow wp-block-column-is-layout-flow\" style=\"flex-basis:80%\"><p class=\"has-text-align-center\" style=\"font-size:21px\"><strong>Centre de location de VTT \u00e9lectrique \u00e0 REDU.<br><\/strong>Pour vous permettre de d\u00e9couvrir les plus beaux endroits de nos for\u00eats ardennaises, diff\u00e9rents parcours vous sont propos\u00e9s; de la randonn\u00e9e en famille (avec si\u00e8ges enfants) jusqu\u2019\u00e0 la randonn\u00e9e technique tr\u00e8s vallonn\u00e9e pour les plus exp\u00e9riment\u00e9s (avec ou sans guide)<br><br><\/p><\/div>\n\n<div class=\"wp-block-column is-layout-flow wp-block-column-is-layout-flow\" style=\"flex-basis:10%\"><\/div><\/div>","protected":false},"excerpt":{"rendered":"<p>LOCA-BIKE ARDENNES Centre de location de VTT \u00e9lectrique \u00e0 REDU.Pour vous permettre de d\u00e9couvrir les plus beaux endroits de nos for\u00eats ardennaises, diff\u00e9rents parcours vous sont propos\u00e9s; de la randonn\u00e9e en famille (avec si\u00e8ges enfants) jusqu\u2019\u00e0 la randonn\u00e9e technique tr\u00e8s vallonn\u00e9e pour les plus exp\u00e9riment\u00e9s (avec ou sans guide)<\/p>\n","protected":false},"author":1,"featured_media":0,"parent":0,"menu_order":0,"comment_status":"closed","ping_status":"closed","template":"","meta":{"footnotes":""},"class_list":["post-22","page","type-page","status-publish","hentry"],"yoast_head":"<!-- This site is optimized with the Yoast SEO plugin v15.3 - https:\/\/yoast.com\/wordpress\/plugins\/seo\/ -->\n<title>Home - Loca-Bike Ardennes<\/title>\n<meta name=\"description\" content=\"Centre de location de VTT \u00e9lectrique \u00e0 Libin.Pour vous permettre de d\u00e9couvrir les plus beaux endroits de nos for\u00eats ardennaises, diff\u00e9rents parcours vous sont propos\u00e9s; de la randonn\u00e9e en famille (avec si\u00e8ges enfants ou remorque 2 places) jusqu\u2019\u00e0 la randonn\u00e9e technique tr\u00e8s vallonn\u00e9e pour les plus exp\u00e9riment\u00e9s (avec ou sans guide), location de VTT \u00e9lectrique dans les ardennes belge\" \/>\n<meta name=\"robots\" content=\"index, follow, max-snippet:-1, max-image-preview:large, max-video-preview:-1\" \/>\n<link rel=\"canonical\" href=\"https:\/\/www.locabike.be\/\" \/>\n<meta property=\"og:locale\" content=\"fr_FR\" \/>\n<meta property=\"og:type\" content=\"article\" \/>\n<meta property=\"og:title\" content=\"Home - Loca-Bike Ardennes\" \/>\n<meta property=\"og:description\" content=\"Centre de location de VTT \u00e9lectrique \u00e0 Libin.Pour vous permettre de d\u00e9couvrir les plus beaux endroits de nos for\u00eats ardennaises, diff\u00e9rents parcours vous sont propos\u00e9s; de la randonn\u00e9e en famille (avec si\u00e8ges enfants ou remorque 2 places) jusqu\u2019\u00e0 la randonn\u00e9e technique tr\u00e8s vallonn\u00e9e pour les plus exp\u00e9riment\u00e9s (avec ou sans guide), location de VTT \u00e9lectrique dans les ardennes belge\" \/>\n<meta property=\"og:url\" content=\"https:\/\/www.locabike.be\/\" \/>\n<meta property=\"og:site_name\" content=\"Loca-Bike Ardennes\" \/>\n<meta property=\"article:publisher\" content=\"https:\/\/www.facebook.com\/LOCA-BIKE-Ardennes-100123905242041\" \/>\n<meta property=\"article:modified_time\" content=\"2025-07-01T14:07:08+00:00\" \/>\n<meta name=\"twitter:card\" content=\"summary_large_image\" \/>\n<meta name=\"twitter:label1\" content=\"\u00c9crit par\">\n\t<meta name=\"twitter:data1\" content=\"matthieu\">\n\t<meta name=\"twitter:label2\" content=\"Dur\u00e9e de lecture est.\">\n\t<meta name=\"twitter:data2\" content=\"0 minute\">\n<script type=\"application\/ld+json\" class=\"yoast-schema-graph\">{\"@context\":\"https:\/\/schema.org\",\"@graph\":[{\"@type\":\"Organization\",\"@id\":\"https:\/\/www.locabike.be\/#organization\",\"name\":\"Loca-Bike Ardennes\",\"url\":\"https:\/\/www.locabike.be\/\",\"sameAs\":[\"https:\/\/www.facebook.com\/LOCA-BIKE-Ardennes-100123905242041\"],\"logo\":{\"@type\":\"ImageObject\",\"@id\":\"https:\/\/www.locabike.be\/#logo\",\"inLanguage\":\"fr-FR\",\"url\":\"https:\/\/www.locabike.be\/wp-content\/uploads\/2020\/11\/Favicon_Locabike.jpg\",\"width\":512,\"height\":512,\"caption\":\"Loca-Bike Ardennes\"},\"image\":{\"@id\":\"https:\/\/www.locabike.be\/#logo\"}},{\"@type\":\"WebSite\",\"@id\":\"https:\/\/www.locabike.be\/#website\",\"url\":\"https:\/\/www.locabike.be\/\",\"name\":\"Loca-Bike Ardennes\",\"description\":\"\",\"publisher\":{\"@id\":\"https:\/\/www.locabike.be\/#organization\"},\"potentialAction\":[{\"@type\":\"SearchAction\",\"target\":\"https:\/\/www.locabike.be\/?s={search_term_string}\",\"query-input\":\"required name=search_term_string\"}],\"inLanguage\":\"fr-FR\"},{\"@type\":\"WebPage\",\"@id\":\"https:\/\/www.locabike.be\/#webpage\",\"url\":\"https:\/\/www.locabike.be\/\",\"name\":\"Home - Loca-Bike Ardennes\",\"isPartOf\":{\"@id\":\"https:\/\/www.locabike.be\/#website\"},\"datePublished\":\"2020-10-29T12:13:26+00:00\",\"dateModified\":\"2025-07-01T14:07:08+00:00\",\"description\":\"Centre de location de VTT \\u00e9lectrique \\u00e0 Libin.Pour vous permettre de d\\u00e9couvrir les plus beaux endroits de nos for\\u00eats ardennaises, diff\\u00e9rents parcours vous sont propos\\u00e9s; de la randonn\\u00e9e en famille (avec si\\u00e8ges enfants ou remorque 2 places) jusqu\\u2019\\u00e0 la randonn\\u00e9e technique tr\\u00e8s vallonn\\u00e9e pour les plus exp\\u00e9riment\\u00e9s (avec ou sans guide), location de VTT \\u00e9lectrique dans les ardennes belge\",\"inLanguage\":\"fr-FR\",\"potentialAction\":[{\"@type\":\"ReadAction\",\"target\":[\"https:\/\/www.locabike.be\/\"]}]}]}<\/script>\n<!-- \/ Yoast SEO plugin. -->","jetpack_sharing_enabled":true,"_links":{"self":[{"href":"https:\/\/www.locabike.be\/index.php\/wp-json\/wp\/v2\/pages\/22","targetHints":{"allow":["GET"]}}],"collection":[{"href":"https:\/\/www.locabike.be\/index.php\/wp-json\/wp\/v2\/pages"}],"about":[{"href":"https:\/\/www.locabike.be\/index.php\/wp-json\/wp\/v2\/types\/page"}],"author":[{"embeddable":true,"href":"https:\/\/www.locabike.be\/index.php\/wp-json\/wp\/v2\/users\/1"}],"replies":[{"embeddable":true,"href":"https:\/\/www.locabike.be\/index.php\/wp-json\/wp\/v2\/comments?post=22"}],"version-history":[{"count":48,"href":"https:\/\/www.locabike.be\/index.php\/wp-json\/wp\/v2\/pages\/22\/revisions"}],"predecessor-version":[{"id":1447,"href":"https:\/\/www.locabike.be\/index.php\/wp-json\/wp\/v2\/pages\/22\/revisions\/1447"}],"wp:attachment":[{"href":"https:\/\/www.locabike.be\/index.php\/wp-json\/wp\/v2\/media?parent=22"}],"curies":[{"name":"wp","href":"https:\/\/api.w.org\/{rel}","templated":true}]}}